{"id":26022,"date":"2018-05-24T16:58:22","date_gmt":"2018-05-24T14:58:22","guid":{"rendered":"https:\/\/www.altei.cz\/obchodni-podminky-2\/"},"modified":"2018-05-24T16:58:22","modified_gmt":"2018-05-24T14:58:22","slug":"gdpr-2018","status":"publish","type":"page","link":"https:\/\/www.altei.cz\/hifi\/gdpr-2018\/","title":{"rendered":"GDPR"},"content":{"rendered":"<div class='clear'><\/div><div id='sub_menu1'  class='av-submenu-container av-av_submenu-3997d19bda23abe4ebabcebd1047a510 main_color  avia-builder-el-0  el_before_av_section  avia-builder-el-first  av-sticky-submenu container_wrap sidebar_right' style='z-index:301' ><div class='container av-menu-mobile-disabled av-submenu-pos-center'><ul id=\"menu-altei-hifi-menu\" class=\"av-subnav-menu\" role=\"menu\"><li role=\"menuitem\" id=\"menu-item-36729\" class=\"menu-item menu-item-type-post_type menu-item-object-page menu-item-home menu-item-top-level menu-item-top-level-1\"><a href=\"https:\/\/www.altei.cz\/hifi\/\" itemprop=\"url\" tabindex=\"0\"><span class=\"avia-bullet\"><\/span><span class=\"avia-menu-text\">Home<\/span><span class=\"avia-menu-fx\"><span class=\"avia-arrow-wrap\"><span class=\"avia-arrow\"><\/span><\/span><\/span><\/a><\/li>\n<li role=\"menuitem\" id=\"menu-item-36731\" class=\"menu-item menu-item-type-post_type menu-item-object-page menu-item-top-level menu-item-top-level-2\"><a href=\"https:\/\/www.altei.cz\/hifi\/hifi-high-end-av\/\" itemprop=\"url\" tabindex=\"0\"><span class=\"avia-bullet\"><\/span><span class=\"avia-menu-text\">HIFI High End AV<\/span><span class=\"avia-menu-fx\"><span class=\"avia-arrow-wrap\"><span class=\"avia-arrow\"><\/span><\/span><\/span><\/a><\/li>\n<li role=\"menuitem\" id=\"menu-item-40072\" class=\"menu-item menu-item-type-custom menu-item-object-custom menu-item-top-level menu-item-top-level-3\"><a href=\"https:\/\/www.altei.cz\/pro-av\/\" itemprop=\"url\" tabindex=\"0\"><span class=\"avia-bullet\"><\/span><span class=\"avia-menu-text\">Pro AV technika<\/span><span class=\"avia-menu-fx\"><span class=\"avia-arrow-wrap\"><span class=\"avia-arrow\"><\/span><\/span><\/span><\/a><\/li>\n<li role=\"menuitem\" id=\"menu-item-36769\" class=\"menu-item menu-item-type-post_type menu-item-object-page menu-item-top-level menu-item-top-level-4\"><a href=\"https:\/\/www.altei.cz\/hifi\/shop\/\" itemprop=\"url\" tabindex=\"0\"><span class=\"avia-bullet\"><\/span><span class=\"avia-menu-text\">e-Shop<\/span><span class=\"avia-menu-fx\"><span class=\"avia-arrow-wrap\"><span class=\"avia-arrow\"><\/span><\/span><\/span><\/a><\/li>\n<li role=\"menuitem\" id=\"menu-item-36770\" class=\"menu-item menu-item-type-post_type menu-item-object-page menu-item-has-children menu-item-top-level menu-item-top-level-5\"><a href=\"https:\/\/www.altei.cz\/hifi\/rychla-navigace\/\" itemprop=\"url\" tabindex=\"0\"><span class=\"avia-bullet\"><\/span><span class=\"avia-menu-text\">Rychl\u00e1 navigace<\/span><span class=\"avia-menu-fx\"><span class=\"avia-arrow-wrap\"><span class=\"avia-arrow\"><\/span><\/span><\/span><\/a>\n\n\n<ul class=\"sub-menu\">\n\t<li role=\"menuitem\" id=\"menu-item-36771\" class=\"menu-item menu-item-type-post_type menu-item-object-page\"><a href=\"https:\/\/www.altei.cz\/hifi\/gdpr-2018\/\" itemprop=\"url\" tabindex=\"0\"><span class=\"avia-bullet\"><\/span><span class=\"avia-menu-text\">GDPR<\/span><\/a><\/li>\n\t<li role=\"menuitem\" id=\"menu-item-36772\" class=\"menu-item menu-item-type-post_type menu-item-object-page\"><a href=\"https:\/\/www.altei.cz\/hifi\/novinky\/\" itemprop=\"url\" tabindex=\"0\"><span class=\"avia-bullet\"><\/span><span class=\"avia-menu-text\">Novinky<\/span><\/a><\/li>\n\t<li role=\"menuitem\" id=\"menu-item-36773\" class=\"menu-item menu-item-type-post_type menu-item-object-page\"><a href=\"https:\/\/www.altei.cz\/hifi\/about-us\/\" itemprop=\"url\" tabindex=\"0\"><span class=\"avia-bullet\"><\/span><span class=\"avia-menu-text\">O n\u00e1s<\/span><\/a><\/li>\n\t<li role=\"menuitem\" id=\"menu-item-41262\" class=\"menu-item menu-item-type-post_type menu-item-object-page\"><a href=\"https:\/\/www.altei.cz\/hifi\/domaci-kino\/\" itemprop=\"url\" tabindex=\"0\"><span class=\"avia-bullet\"><\/span><span class=\"avia-menu-text\">Dom\u00e1c\u00ed kino<\/span><\/a><\/li>\n\t<li role=\"menuitem\" id=\"menu-item-36774\" class=\"menu-item menu-item-type-post_type menu-item-object-page\"><a href=\"https:\/\/www.altei.cz\/hifi\/kontakt-altei-hifi\/\" itemprop=\"url\" tabindex=\"0\"><span class=\"avia-bullet\"><\/span><span class=\"avia-menu-text\">Kontakt Altei HiFi<\/span><\/a><\/li>\n\t<li role=\"menuitem\" id=\"menu-item-36776\" class=\"menu-item menu-item-type-post_type menu-item-object-page\"><a href=\"https:\/\/www.altei.cz\/hifi\/zpetny-odber\/\" itemprop=\"url\" tabindex=\"0\"><span class=\"avia-bullet\"><\/span><span class=\"avia-menu-text\">Recyklace<\/span><\/a><\/li>\n\t<li role=\"menuitem\" id=\"menu-item-36778\" class=\"menu-item menu-item-type-post_type menu-item-object-page\"><a href=\"https:\/\/www.altei.cz\/hifi\/rebox\/\" itemprop=\"url\" tabindex=\"0\"><span class=\"avia-bullet\"><\/span><span class=\"avia-menu-text\">REBOX<\/span><\/a><\/li>\n\t<li role=\"menuitem\" id=\"menu-item-36779\" class=\"menu-item menu-item-type-post_type menu-item-object-page\"><a href=\"https:\/\/www.altei.cz\/hifi\/ceny-high-end-download\/\" itemprop=\"url\" tabindex=\"0\"><span class=\"avia-bullet\"><\/span><span class=\"avia-menu-text\">Ceny HiFi High End download<\/span><\/a><\/li>\n<\/ul>\n<\/li>\n<\/ul><\/div><\/div><div class='sticky_placeholder'><\/div>\n<div id='av_section_1'  class='avia-section av-av_section-2dcda1862a94bb522b437cf4f29dd74d main_color avia-section-default avia-no-shadow  avia-builder-el-1  el_after_av_submenu  avia-builder-el-last  avia-bg-style-scroll container_wrap sidebar_right'  ><div class='container av-section-cont-open' ><div class='template-page content  av-content-small alpha units'><div class='post-entry post-entry-type-page post-entry-26022'><div class='entry-content-wrapper clearfix'>\n<div  class='flex_column av-av_one_full-2a9015ff38129c418a3f2eafba3e9512 av_one_full  avia-builder-el-2  avia-builder-el-no-sibling  first flex_column_div  '     ><section  class='av_textblock_section av-av_textblock-2de302bf1aa3cf4c9157dbe6f50ac7eb '   itemscope=\"itemscope\" itemtype=\"https:\/\/schema.org\/CreativeWork\" ><div class='avia_textblock'  itemprop=\"text\" ><p><strong>Deklarace\u00a0<\/strong><strong>zaji\u0161t\u011bn\u00ed pr\u00e1v vlastn\u00edk\u016f osobn\u00edch \u00fadaj\u016f a \u0159e\u0161en\u00ed incident\u016f<\/strong><\/p>\n<p>Spole\u010dnost ALTEI s.r.o. usiluje o zaji\u0161t\u011bn\u00ed spokojenosti sv\u00fdch z\u00e1kazn\u00edk\u016f a z\u00edsk\u00e1n\u00ed jejich d\u016fv\u011bry i t\u00edm, \u017ee organizace jako celek a j\u00ed dod\u00e1van\u00e9 produkty umo\u017e\u0148uj\u00ed naplnit Na\u0159\u00edzen\u00ed Evropsk\u00e9ho parlamentu a Rady (EU) 2016\/679 ze dne 27. dubna 2016, o ochran\u011b fyzick\u00fdch osob v souvislosti se zpracov\u00e1v\u00e1n\u00edm osobn\u00edch \u00fadaj\u016f a o voln\u00e9m pohybu t\u011bchto \u00fadaj\u016f a o zru\u0161en\u00ed sm\u011brnice 95\/46\/ES (obecn\u00e9 Na\u0159\u00edzen\u00ed o ochran\u011b osobn\u00edch \u00fadaj\u016f; d\u00e1le jen \u201e<strong>Na\u0159\u00edzen\u00ed<\/strong>\u201c) a dal\u0161\u00edmi pr\u00e1vn\u00edmi p\u0159edpisy v\u00a0oblasti ochrany osobn\u00edch \u00fadaj\u016f. Hlavn\u00ed aplikovan\u00e9 z\u00e1sady.<\/p>\n<ol>\n<li>V r\u00e1mci sv\u00e9ho \u00fasil\u00ed spole\u010dnost zavedla pravidla pro ochranu a zpracov\u00e1n\u00ed osobn\u00edch \u00fadaj\u016f a definovala \u201eKoncepci ochrany osobn\u00edch \u00fadaj\u016f\u201c jako z\u00e1klad cel\u00e9ho r\u00e1mce standard\u016f a prostup\u016f t\u00fdkaj\u00edc\u00edch se ochrany osobn\u00edch \u00fadaj\u016f fyzick\u00fdch osob.<\/li>\n<li>Zpracov\u00e1v\u00e1 osobn\u00ed \u00fadaje pouze na z\u00e1klad\u011b platn\u00e9ho pr\u00e1vn\u00edho r\u00e1mce, a to v\u010detn\u011b Souhlasu subjekt\u016f osobn\u00edch \u00fadaj\u016f.<\/li>\n<li>Zpracov\u00e1v\u00e1 osobn\u00ed \u00fadaje pouze dle schv\u00e1len\u00e9ho rozsahu \u00fa\u010delu pou\u017eit\u00ed.<\/li>\n<li>Bez platn\u00e9ho pr\u00e1vn\u00edho r\u00e1mce spole\u010dnost neposkytuje \/ ned\u00e1v\u00e1 p\u0159\u00edstup k\u00a0osobn\u00edm \u00fadaj\u016fm t\u0159et\u00edm stran\u00e1m \/ osob\u00e1m.<\/li>\n<li>Mezi z\u00e1kladn\u00edmi bezpe\u010dnostn\u00edmi vlastnostmi dod\u00e1van\u00fdch produkt\u016f je i mo\u017enost nastaven\u00ed obrany proti neopr\u00e1vn\u011bn\u00e9mu p\u0159\u00edstupu a ztr\u00e1t\u011b, zni\u010den\u00ed, pad\u011bl\u00e1n\u00ed nebo \u00faniku osobn\u00edch \u00fadaj\u016f produktem zpracov\u00e1van\u00fdch.<\/li>\n<li>Spole\u010dnost garantuje, a\u0165 ji\u017e ve sv\u00e9m prost\u0159ed\u00ed, \u010di v\u00a0r\u00e1mci vlastnost\u00ed dod\u00e1van\u00fdch produkt\u016f spln\u011bn\u00ed n\u00e1sleduj\u00edc\u00edch pr\u00e1v Subjekt\u016f osobn\u00edch \u00fadaj\u016f.<\/li>\n<\/ol>\n<p>Pr\u00e1vo na:<\/p>\n<p><strong>p\u0159\u00edstup k osobn\u00edm \u00fadaj\u016fm <\/strong><\/p>\n<p>Subjekt \u00fadaj\u016f m\u00e1 pr\u00e1vo z\u00edskat od organizace potvrzen\u00ed, zda osobn\u00ed \u00fadaje, kter\u00e9 se ho t\u00fdkaj\u00ed, jsou \u010di nejsou zpracov\u00e1v\u00e1ny, a pokud je tomu tak, m\u00e1 pr\u00e1vo z\u00edskat p\u0159\u00edstup k\u00a0t\u011bmto osobn\u00edm \u00fadaj\u016fm a k n\u00e1sleduj\u00edc\u00edm informac\u00edm:<\/p>\n<ol>\n<li>a) \u00fa\u010dely zpracov\u00e1n\u00ed,<\/li>\n<li>b) kategorie dot\u010den\u00fdch osobn\u00edch \u00fadaj\u016f,<\/li>\n<li>c) p\u0159\u00edjemci nebo kategorie p\u0159\u00edjemc\u016f, kter\u00fdm osobn\u00ed \u00fadaje byly nebo budou zp\u0159\u00edstupn\u011bny,<\/li>\n<li>d) pl\u00e1novan\u00e1 doba, po kterou budou osobn\u00ed \u00fadaje ulo\u017eeny, nebo nen\u00ed-li ji mo\u017en\u00e9 ur\u010dit, krit\u00e9ria pou\u017eit\u00e1 ke stanoven\u00ed t\u00e9to doby,<\/li>\n<li>e) ve\u0161ker\u00e9 dostupn\u00e9 informace o zdroji osobn\u00edch \u00fadaj\u016f, pokud nejsou z\u00edsk\u00e1ny od subjektu \u00fadaj\u016f,<\/li>\n<li>g) skute\u010dnost, \u017ee doch\u00e1z\u00ed k automatizovan\u00e9mu rozhodov\u00e1n\u00ed, v\u010detn\u011b profilov\u00e1n\u00ed, uveden\u00e9mu v kapitole 7, a p\u0159inejmen\u0161\u00edm v t\u011bchto p\u0159\u00edpadech smyslupln\u00e9 informace t\u00fdkaj\u00edc\u00ed se pou\u017eit\u00e9ho postupu, jako\u017e i v\u00fdznamu a\u00a0p\u0159edpokl\u00e1dan\u00fdch d\u016fsledk\u016f takov\u00e9ho zpracov\u00e1n\u00ed pro subjekt \u00fadaj\u016f.<\/li>\n<\/ol>\n<p><strong>opravu a dopln\u011bn\u00ed osobn\u00edch \u00fadaj\u016f<\/strong><\/p>\n<p>Subjekt \u00fadaj\u016f m\u00e1 pr\u00e1vo na to, aby organizace bez zbyte\u010dn\u00e9ho odkladu opravila nep\u0159esn\u00e9 osobn\u00ed \u00fadaje, kter\u00e9 se ho t\u00fdkaj\u00ed.<\/p>\n<p>S p\u0159ihl\u00e9dnut\u00edm k \u00fa\u010del\u016fm zpracov\u00e1n\u00ed m\u00e1 subjekt \u00fadaj\u016f d\u00e1le pr\u00e1vo na dopln\u011bn\u00ed ne\u00fapln\u00fdch osobn\u00edch \u00fadaj\u016f, a to i poskytnut\u00edm dodate\u010dn\u00e9ho prohl\u00e1\u0161en\u00ed.<\/p>\n<p><strong>na likvidaci osobn\u00edch \u00fadaj\u016f<\/strong><\/p>\n<p>Subjekt \u00fadaj\u016f m\u00e1 pr\u00e1vo na to, aby organizace bez zbyte\u010dn\u00e9ho odkladu provedla likvidaci osobn\u00edch \u00fadaj\u016f, kter\u00e9 se dan\u00e9ho subjektu \u00fadaj\u016f t\u00fdkaj\u00ed.<\/p>\n<p>Organizace m\u00e1 povinnost bez zbyte\u010dn\u00e9ho odkladu prov\u00e9st likvidaci osobn\u00edch \u00fadaj\u016f, pokud je d\u00e1n n\u011bkter\u00fd z t\u011bchto d\u016fvod\u016f a neexistuj\u00ed jin\u00e9 pr\u00e1vn\u00ed d\u016fvody pro jejich zachov\u00e1n\u00ed:<\/p>\n<ol>\n<li>osobn\u00ed \u00fadaje ji\u017e nejsou pot\u0159ebn\u00e9 pro \u00fa\u010dely, pro kter\u00e9 byly shrom\u00e1\u017ed\u011bny nebo jinak zpracov\u00e1ny,<\/li>\n<li>subjekt \u00fadaj\u016f odvol\u00e1 souhlas a neexistuje \u017e\u00e1dn\u00fd dal\u0161\u00ed pr\u00e1vn\u00ed d\u016fvod pro zpracov\u00e1n\u00ed,<\/li>\n<li>subjekt \u00fadaj\u016f vznese n\u00e1mitky proti zpracov\u00e1n\u00ed a neexistuj\u00ed \u017e\u00e1dn\u00e9 p\u0159eva\u017euj\u00edc\u00ed opr\u00e1vn\u011bn\u00e9 d\u016fvody pro zpracov\u00e1n\u00ed,<\/li>\n<li>osobn\u00ed \u00fadaje byly zpracov\u00e1ny protipr\u00e1vn\u011b,<\/li>\n<li>osobn\u00ed \u00fadaje mus\u00ed b\u00fdt zlikvidov\u00e1ny ke spln\u011bn\u00ed pr\u00e1vn\u00ed povinnosti stanoven\u00e9 pr\u00e1vem EU nebo obecn\u011b z\u00e1vazn\u00fdm pr\u00e1vn\u00edm p\u0159edpisem,<\/li>\n<li>osobn\u00ed \u00fadaje byly shrom\u00e1\u017ed\u011bny v souvislosti s nab\u00eddkou slu\u017eeb informa\u010dn\u00ed spole\u010dnosti.<\/li>\n<\/ol>\n<p><strong>na omezen\u00ed zpracov\u00e1n\u00ed osobn\u00edch \u00fadaj\u016f<\/strong><\/p>\n<p>Subjekt \u00fadaj\u016f m\u00e1 pr\u00e1vo na to, aby organizace omezila zpracov\u00e1n\u00ed osobn\u00edch \u00fadaj\u016f, v kter\u00e9mkoli z t\u011bchto p\u0159\u00edpad\u016f:<\/p>\n<ol>\n<li>a) subjekt \u00fadaj\u016f uplatnil pr\u00e1vo na opravu osobn\u00edch \u00fadaj\u016f,<\/li>\n<li>b) zpracov\u00e1n\u00ed osobn\u00edch \u00fadaj\u016f je protipr\u00e1vn\u00ed a subjekt \u00fadaj\u016f nevy\u017eaduje likvidaci osobn\u00edch \u00fadaj\u016f a \u017e\u00e1d\u00e1 m\u00edsto toho o omezen\u00ed jejich zpracov\u00e1n\u00ed,<\/li>\n<li>c) spr\u00e1vce ji\u017e osobn\u00ed \u00fadaje nepot\u0159ebuje pro \u00fa\u010dely zpracov\u00e1n\u00ed, ale subjekt \u00fadaj\u016f je po\u017eaduje pro ur\u010den\u00ed, v\u00fdkon nebo obhajobu pr\u00e1vn\u00edch n\u00e1rok\u016f,<\/li>\n<li>d) subjekt \u00fadaj\u016f vznesl n\u00e1mitku proti zpracov\u00e1n\u00ed<\/li>\n<\/ol>\n<p><strong>na z\u00edsk\u00e1n\u00ed a p\u0159enesen\u00ed osobn\u00edch \u00fadaj\u016f<\/strong><\/p>\n<p>Subjekt \u00fadaj\u016f m\u00e1 pr\u00e1vo z\u00edskat osobn\u00ed \u00fadaje, kter\u00e9 se ho t\u00fdkaj\u00ed, je\u017e poskytl organizaci, ve strukturovan\u00e9m, b\u011b\u017en\u011b pou\u017e\u00edvan\u00e9m a strojov\u011b \u010diteln\u00e9m form\u00e1tu, a pr\u00e1vo p\u0159edat tyto \u00fadaje jin\u00e9mu spr\u00e1vci, ani\u017e by tomu spr\u00e1vce, kter\u00e9mu byly osobn\u00ed \u00fadaje poskytnuty, br\u00e1nil, a to v p\u0159\u00edpad\u011b, \u017ee se zpracov\u00e1n\u00ed osobn\u00edch \u00fadaj\u016f prov\u00e1d\u00ed automatizovan\u011b a z\u00e1rove\u0148 je zalo\u017eeno na:<\/p>\n<ol>\n<li>a) souhlasu subjektu \u00fadaj\u016f nebo<\/li>\n<li>b) smlouv\u011b, jej\u00ed\u017e smluvn\u00ed stranou je subjekt \u00fadaj\u016f.<\/li>\n<\/ol>\n<p><strong>na n\u00e1mitku proti zpracov\u00e1n\u00ed osobn\u00edch \u00fadaj\u016f<\/strong><\/p>\n<p>Subjekt \u00fadaj\u016f m\u00e1 pr\u00e1vo kdykoliv vzn\u00e9st n\u00e1mitku proti zpracov\u00e1n\u00ed osobn\u00edch \u00fadaj\u016f:<\/p>\n<ol>\n<li>a) na z\u00e1klad\u011b pr\u00e1vn\u00edho d\u016fvodu spo\u010d\u00edvaj\u00edc\u00ed v opr\u00e1vn\u011bn\u00e9m z\u00e1jmu,<\/li>\n<li>b) na z\u00e1klad\u011b pr\u00e1vn\u00edho d\u016fvodu spo\u010d\u00edvaj\u00edc\u00edho v pln\u011bn\u00ed \u00fakol\u016f prov\u00e1d\u011bn\u00e9ho ve ve\u0159ejn\u00e9m z\u00e1jmu nebo p\u0159i v\u00fdkonu ve\u0159ejn\u00e9 moci (\u010dl. 6 odst. 1 p\u00edsm. e) Na\u0159\u00edzen\u00ed),<\/li>\n<li>c) za \u00fa\u010delem p\u0159\u00edm\u00e9ho marketingu,<\/li>\n<li>d) pro \u00fa\u010dely v\u011bdeck\u00e9ho \u010di historick\u00e9ho v\u00fdzkumu nebo pro statistick\u00e9 \u00fa\u010dely, podle \u010dl. 89 odst. 1 Na\u0159\u00edzen\u00ed, leda\u017ee je zpracov\u00e1n\u00ed nezbytn\u00e9 pro spln\u011bn\u00ed \u00fakolu prov\u00e1d\u011bn\u00e9ho z d\u016fvod\u016f ve\u0159ejn\u00e9ho z\u00e1jmu.<\/li>\n<\/ol>\n<p>V Praze kv\u011bten 2018<\/p>\n<\/div><\/section><\/div><\/div><\/div><\/div><!-- close content main div --><\/div><\/div><div id='after_section_1'  class='main_color av_default_container_wrap container_wrap sidebar_right'  ><div class='container av-section-cont-open' ><div class='template-page content  av-content-small alpha units'><div class='post-entry post-entry-type-page post-entry-26022'><div class='entry-content-wrapper clearfix'>\n","protected":false},"excerpt":{"rendered":"<p>This is a Page excerpt. It will be displayed for search results<\/p>\n","protected":false},"author":1,"featured_media":0,"parent":0,"menu_order":0,"comment_status":"closed","ping_status":"closed","template":"","meta":{"footnotes":""},"class_list":["post-26022","page","type-page","status-publish","hentry"],"aioseo_notices":[],"jetpack_sharing_enabled":true,"_links":{"self":[{"href":"https:\/\/www.altei.cz\/hifi\/wp-json\/wp\/v2\/pages\/26022","targetHints":{"allow":["GET"]}}],"collection":[{"href":"https:\/\/www.altei.cz\/hifi\/wp-json\/wp\/v2\/pages"}],"about":[{"href":"https:\/\/www.altei.cz\/hifi\/wp-json\/wp\/v2\/types\/page"}],"author":[{"embeddable":true,"href":"https:\/\/www.altei.cz\/hifi\/wp-json\/wp\/v2\/users\/1"}],"replies":[{"embeddable":true,"href":"https:\/\/www.altei.cz\/hifi\/wp-json\/wp\/v2\/comments?post=26022"}],"version-history":[{"count":0,"href":"https:\/\/www.altei.cz\/hifi\/wp-json\/wp\/v2\/pages\/26022\/revisions"}],"wp:attachment":[{"href":"https:\/\/www.altei.cz\/hifi\/wp-json\/wp\/v2\/media?parent=26022"}],"curies":[{"name":"wp","href":"https:\/\/api.w.org\/{rel}","templated":true}]}}