{"id":70,"date":"2015-10-21T10:59:13","date_gmt":"2015-10-21T09:59:13","guid":{"rendered":"http:\/\/www.altei.cz\/wp-dcinema\/?page_id=70"},"modified":"2016-12-15T13:39:59","modified_gmt":"2016-12-15T12:39:59","slug":"download","status":"publish","type":"page","link":"https:\/\/www.altei.cz\/wp-dcinema\/download\/","title":{"rendered":"Download"},"content":{"rendered":"<div id='layer_slider_1'  class='avia-layerslider main_color avia-shadow  avia-builder-el-0  el_before_av_postslider  avia-builder-el-first  container_wrap sidebar_right'  style='height: 471px;'  ><\/div><div id='after_layer_slider_1'  class='main_color av_default_container_wrap container_wrap sidebar_right'  ><div class='container av-section-cont-open' ><div class='template-page content  av-content-small alpha units'><div class='post-entry post-entry-type-page post-entry-70'><div class='entry-content-wrapper clearfix'>\n<div  data-slideshow-options=\"{&quot;animation&quot;:&quot;fade&quot;,&quot;autoplay&quot;:false,&quot;loop_autoplay&quot;:&quot;once&quot;,&quot;interval&quot;:&quot;5&quot;,&quot;loop_manual&quot;:&quot;manual-endless&quot;,&quot;autoplay_stopper&quot;:false,&quot;noNavigation&quot;:false,&quot;show_slide_delay&quot;:90}\" class='avia-content-slider avia-content-slider-active avia-content-slider1 avia-content-slider-even  avia-builder-el-1  el_after_av_layerslider  avia-builder-el-no-sibling  av-slideshow-ui av-control-default   av-no-slider-navigation av-slideshow-manual av-loop-once av-loop-manual-endless '  itemscope=\"itemscope\" itemtype=\"https:\/\/schema.org\/Blog\" ><div class=\"avia-content-slider-inner\"><div class=\"slide-entry-wrap\"><article class='slide-entry flex_column  post-entry post-entry-1668 slide-entry-overview slide-loop-1 slide-parity-odd  av_one_fourth first real-thumbnail posttype-post post-format-standard'  itemscope=\"itemscope\" itemtype=\"https:\/\/schema.org\/CreativeWork\" ><a href='https:\/\/www.altei.cz\/wp-dcinema\/mffkv-59-2025-news-2\/' data-rel='slide-1' class='slide-image' title='V\u0161ichni u\u017e jsou ve Varech'><img width=\"260\" height=\"185\" src=\"https:\/\/www.altei.cz\/wp-dcinema\/wp-content\/uploads\/2021\/08\/kviff-59-1-260x185.jpg\" class=\"wp-image-1683 avia-img-lazy-loading-not-1683 attachment-portfolio_small size-portfolio_small wp-post-image\" alt=\"\" decoding=\"async\" \/><\/a><div class=\"slide-content\"><header class=\"entry-content-header\" aria-label=\"Slide: V\u0161ichni u\u017e jsou ve Varech\"><h3 class='slide-entry-title entry-title '  itemprop=\"headline\" ><a href='https:\/\/www.altei.cz\/wp-dcinema\/mffkv-59-2025-news-2\/' title='V\u0161ichni u\u017e jsou ve Varech'>V\u0161ichni u\u017e jsou ve Varech<\/a><\/h3><span class=\"av-vertical-delimiter\"><\/span><\/header><\/div><footer class=\"entry-footer\"><\/footer><span class='hidden'>\n\t\t\t\t<span class='av-structured-data'  itemprop=\"image\" itemscope=\"itemscope\" itemtype=\"https:\/\/schema.org\/ImageObject\" >\n\t\t\t\t\t\t<span itemprop='url'>https:\/\/www.altei.cz\/wp-dcinema\/wp-content\/uploads\/2021\/08\/kviff-59-1.jpg<\/span>\n\t\t\t\t\t\t<span itemprop='height'>195<\/span>\n\t\t\t\t\t\t<span itemprop='width'>300<\/span>\n\t\t\t\t<\/span>\n\t\t\t\t<span class='av-structured-data'  itemprop=\"publisher\" itemtype=\"https:\/\/schema.org\/Organization\" itemscope=\"itemscope\" >\n\t\t\t\t\t\t<span itemprop='name'>admin<\/span>\n\t\t\t\t\t\t<span itemprop='logo' itemscope itemtype='https:\/\/schema.org\/ImageObject'>\n\t\t\t\t\t\t\t<span itemprop='url'>https:\/\/www.altei.cz\/wp-dcinema\/wp-content\/uploads\/2022\/06\/altei-last-pracovni-w-1030x934.png<\/span>\n\t\t\t\t\t\t<\/span>\n\t\t\t\t<\/span><span class='av-structured-data'  itemprop=\"author\" itemscope=\"itemscope\" itemtype=\"https:\/\/schema.org\/Person\" ><span itemprop='name'>admin<\/span><\/span><span class='av-structured-data'  itemprop=\"datePublished\" datetime=\"2015-10-21T10:59:13+01:00\" >2025-07-11 11:09:34<\/span><span class='av-structured-data'  itemprop=\"dateModified\" itemtype=\"https:\/\/schema.org\/dateModified\" >2025-07-11 12:41:24<\/span><span class='av-structured-data'  itemprop=\"mainEntityOfPage\" itemtype=\"https:\/\/schema.org\/mainEntityOfPage\" ><span itemprop='name'>V\u0161ichni u\u017e jsou ve Varech<\/span><\/span><\/span><\/article><article class='slide-entry flex_column  post-entry post-entry-1572 slide-entry-overview slide-loop-2 slide-parity-even  av_one_fourth  real-thumbnail posttype-post post-format-standard'  itemscope=\"itemscope\" itemtype=\"https:\/\/schema.org\/CreativeWork\" ><a href='https:\/\/www.altei.cz\/wp-dcinema\/sony-konci-s-projektory-pro-dci-kina-2\/' data-rel='slide-1' class='slide-image' title='QSC Cinema Audio'><img width=\"260\" height=\"185\" src=\"https:\/\/www.altei.cz\/wp-dcinema\/wp-content\/uploads\/2021\/05\/qsc-news-260x185.jpg\" class=\"wp-image-1573 avia-img-lazy-loading-not-1573 attachment-portfolio_small size-portfolio_small wp-post-image\" alt=\"\" decoding=\"async\" \/><\/a><div class=\"slide-content\"><header class=\"entry-content-header\" aria-label=\"Slide: QSC Cinema Audio\"><h3 class='slide-entry-title entry-title '  itemprop=\"headline\" ><a href='https:\/\/www.altei.cz\/wp-dcinema\/sony-konci-s-projektory-pro-dci-kina-2\/' title='QSC Cinema Audio'>QSC Cinema Audio<\/a><\/h3><span class=\"av-vertical-delimiter\"><\/span><\/header><\/div><footer class=\"entry-footer\"><\/footer><span class='hidden'>\n\t\t\t\t<span class='av-structured-data'  itemprop=\"image\" itemscope=\"itemscope\" itemtype=\"https:\/\/schema.org\/ImageObject\" >\n\t\t\t\t\t\t<span itemprop='url'>https:\/\/www.altei.cz\/wp-dcinema\/wp-content\/uploads\/2021\/05\/qsc-news.jpg<\/span>\n\t\t\t\t\t\t<span itemprop='height'>195<\/span>\n\t\t\t\t\t\t<span itemprop='width'>300<\/span>\n\t\t\t\t<\/span>\n\t\t\t\t<span class='av-structured-data'  itemprop=\"publisher\" itemtype=\"https:\/\/schema.org\/Organization\" itemscope=\"itemscope\" >\n\t\t\t\t\t\t<span itemprop='name'>admin<\/span>\n\t\t\t\t\t\t<span itemprop='logo' itemscope itemtype='https:\/\/schema.org\/ImageObject'>\n\t\t\t\t\t\t\t<span itemprop='url'>https:\/\/www.altei.cz\/wp-dcinema\/wp-content\/uploads\/2022\/06\/altei-last-pracovni-w-1030x934.png<\/span>\n\t\t\t\t\t\t<\/span>\n\t\t\t\t<\/span><span class='av-structured-data'  itemprop=\"author\" itemscope=\"itemscope\" itemtype=\"https:\/\/schema.org\/Person\" ><span itemprop='name'>admin<\/span><\/span><span class='av-structured-data'  itemprop=\"datePublished\" datetime=\"2015-10-21T10:59:13+01:00\" >2021-01-14 16:12:00<\/span><span class='av-structured-data'  itemprop=\"dateModified\" itemtype=\"https:\/\/schema.org\/dateModified\" >2021-05-14 16:29:52<\/span><span class='av-structured-data'  itemprop=\"mainEntityOfPage\" itemtype=\"https:\/\/schema.org\/mainEntityOfPage\" ><span itemprop='name'>QSC Cinema Audio<\/span><\/span><\/span><\/article><article class='slide-entry flex_column  post-entry post-entry-1565 slide-entry-overview slide-loop-3 slide-parity-odd  av_one_fourth  real-thumbnail posttype-post post-format-standard'  itemscope=\"itemscope\" itemtype=\"https:\/\/schema.org\/CreativeWork\" ><a href='https:\/\/www.altei.cz\/wp-dcinema\/redigitalizace-kina-metro-prostejov\/' data-rel='slide-1' class='slide-image' title='Redigitalizace kina Metro'><img width=\"260\" height=\"185\" src=\"https:\/\/www.altei.cz\/wp-dcinema\/wp-content\/uploads\/2021\/05\/prostejov-metro-news-260x185.jpg\" class=\"wp-image-1566 avia-img-lazy-loading-not-1566 attachment-portfolio_small size-portfolio_small wp-post-image\" alt=\"\" decoding=\"async\" \/><\/a><div class=\"slide-content\"><header class=\"entry-content-header\" aria-label=\"Slide: Redigitalizace kina Metro\"><h3 class='slide-entry-title entry-title '  itemprop=\"headline\" ><a href='https:\/\/www.altei.cz\/wp-dcinema\/redigitalizace-kina-metro-prostejov\/' title='Redigitalizace kina Metro'>Redigitalizace kina Metro<\/a><\/h3><span class=\"av-vertical-delimiter\"><\/span><\/header><\/div><footer class=\"entry-footer\"><\/footer><span class='hidden'>\n\t\t\t\t<span class='av-structured-data'  itemprop=\"image\" itemscope=\"itemscope\" itemtype=\"https:\/\/schema.org\/ImageObject\" >\n\t\t\t\t\t\t<span itemprop='url'>https:\/\/www.altei.cz\/wp-dcinema\/wp-content\/uploads\/2021\/05\/prostejov-metro-news.jpg<\/span>\n\t\t\t\t\t\t<span itemprop='height'>195<\/span>\n\t\t\t\t\t\t<span itemprop='width'>300<\/span>\n\t\t\t\t<\/span>\n\t\t\t\t<span class='av-structured-data'  itemprop=\"publisher\" itemtype=\"https:\/\/schema.org\/Organization\" itemscope=\"itemscope\" >\n\t\t\t\t\t\t<span itemprop='name'>admin<\/span>\n\t\t\t\t\t\t<span itemprop='logo' itemscope itemtype='https:\/\/schema.org\/ImageObject'>\n\t\t\t\t\t\t\t<span itemprop='url'>https:\/\/www.altei.cz\/wp-dcinema\/wp-content\/uploads\/2022\/06\/altei-last-pracovni-w-1030x934.png<\/span>\n\t\t\t\t\t\t<\/span>\n\t\t\t\t<\/span><span class='av-structured-data'  itemprop=\"author\" itemscope=\"itemscope\" itemtype=\"https:\/\/schema.org\/Person\" ><span itemprop='name'>admin<\/span><\/span><span class='av-structured-data'  itemprop=\"datePublished\" datetime=\"2015-10-21T10:59:13+01:00\" >2020-12-20 10:44:00<\/span><span class='av-structured-data'  itemprop=\"dateModified\" itemtype=\"https:\/\/schema.org\/dateModified\" >2021-05-14 15:47:20<\/span><span class='av-structured-data'  itemprop=\"mainEntityOfPage\" itemtype=\"https:\/\/schema.org\/mainEntityOfPage\" ><span itemprop='name'>Redigitalizace kina Metro<\/span><\/span><\/span><\/article><article class='slide-entry flex_column  post-entry post-entry-1463 slide-entry-overview slide-loop-4 slide-parity-even  av_one_fourth  real-thumbnail posttype-post post-format-standard'  itemscope=\"itemscope\" itemtype=\"https:\/\/schema.org\/CreativeWork\" ><a href='https:\/\/www.altei.cz\/wp-dcinema\/specialni-verze-tradicni-prehlidky-vary-ve-vasem-kine\/' data-rel='slide-1' class='slide-image' title='Speci\u00e1ln\u00ed verze tradi\u010dn\u00ed p\u0159ehl\u00eddky Vary ve va\u0161em kin\u011b'><img width=\"260\" height=\"185\" src=\"https:\/\/www.altei.cz\/wp-dcinema\/wp-content\/uploads\/2020\/04\/vary-uvasvkine-news-260x185.jpg\" class=\"wp-image-1464 avia-img-lazy-loading-not-1464 attachment-portfolio_small size-portfolio_small wp-post-image\" alt=\"\" decoding=\"async\" srcset=\"https:\/\/www.altei.cz\/wp-dcinema\/wp-content\/uploads\/2020\/04\/vary-uvasvkine-news.jpg 260w, https:\/\/www.altei.cz\/wp-dcinema\/wp-content\/uploads\/2020\/04\/vary-uvasvkine-news-80x57.jpg 80w\" sizes=\"(max-width: 260px) 100vw, 260px\" \/><\/a><div class=\"slide-content\"><header class=\"entry-content-header\" aria-label=\"Slide: Speci\u00e1ln\u00ed verze tradi\u010dn\u00ed p\u0159ehl\u00eddky Vary ve va\u0161em kin\u011b\"><h3 class='slide-entry-title entry-title '  itemprop=\"headline\" ><a href='https:\/\/www.altei.cz\/wp-dcinema\/specialni-verze-tradicni-prehlidky-vary-ve-vasem-kine\/' title='Speci\u00e1ln\u00ed verze tradi\u010dn\u00ed p\u0159ehl\u00eddky Vary ve va\u0161em kin\u011b'>Speci\u00e1ln\u00ed verze tradi\u010dn\u00ed p\u0159ehl\u00eddky Vary ve va\u0161em kin\u011b<\/a><\/h3><span class=\"av-vertical-delimiter\"><\/span><\/header><\/div><footer class=\"entry-footer\"><\/footer><span class='hidden'>\n\t\t\t\t<span class='av-structured-data'  itemprop=\"image\" itemscope=\"itemscope\" itemtype=\"https:\/\/schema.org\/ImageObject\" >\n\t\t\t\t\t\t<span itemprop='url'>https:\/\/www.altei.cz\/wp-dcinema\/wp-content\/uploads\/2020\/04\/vary-uvasvkine-news.jpg<\/span>\n\t\t\t\t\t\t<span itemprop='height'>185<\/span>\n\t\t\t\t\t\t<span itemprop='width'>260<\/span>\n\t\t\t\t<\/span>\n\t\t\t\t<span class='av-structured-data'  itemprop=\"publisher\" itemtype=\"https:\/\/schema.org\/Organization\" itemscope=\"itemscope\" >\n\t\t\t\t\t\t<span itemprop='name'>admin<\/span>\n\t\t\t\t\t\t<span itemprop='logo' itemscope itemtype='https:\/\/schema.org\/ImageObject'>\n\t\t\t\t\t\t\t<span itemprop='url'>https:\/\/www.altei.cz\/wp-dcinema\/wp-content\/uploads\/2022\/06\/altei-last-pracovni-w-1030x934.png<\/span>\n\t\t\t\t\t\t<\/span>\n\t\t\t\t<\/span><span class='av-structured-data'  itemprop=\"author\" itemscope=\"itemscope\" itemtype=\"https:\/\/schema.org\/Person\" ><span itemprop='name'>admin<\/span><\/span><span class='av-structured-data'  itemprop=\"datePublished\" datetime=\"2015-10-21T10:59:13+01:00\" >2020-04-27 15:23:00<\/span><span class='av-structured-data'  itemprop=\"dateModified\" itemtype=\"https:\/\/schema.org\/dateModified\" >2020-04-28 09:34:45<\/span><span class='av-structured-data'  itemprop=\"mainEntityOfPage\" itemtype=\"https:\/\/schema.org\/mainEntityOfPage\" ><span itemprop='name'>Speci\u00e1ln\u00ed verze tradi\u010dn\u00ed p\u0159ehl\u00eddky Vary ve va\u0161em kin\u011b<\/span><\/span><\/span><\/article><\/div><div class=\"slide-entry-wrap\"><article class='slide-entry flex_column  post-entry post-entry-1442 slide-entry-overview slide-loop-5 slide-parity-odd  av_one_fourth first real-thumbnail posttype-post post-format-standard'  itemscope=\"itemscope\" itemtype=\"https:\/\/schema.org\/CreativeWork\" ><a href='https:\/\/www.altei.cz\/wp-dcinema\/sony-konci-s-projektory-pro-dci-kina\/' data-rel='slide-1' class='slide-image' title='SONY kon\u010d\u00ed s projektory pro DCI kina'><img width=\"260\" height=\"185\" src=\"https:\/\/www.altei.cz\/wp-dcinema\/wp-content\/uploads\/2020\/04\/good-bye-sony-dci-260x185.jpg\" class=\"wp-image-1444 avia-img-lazy-loading-not-1444 attachment-portfolio_small size-portfolio_small wp-post-image\" alt=\"\" decoding=\"async\" srcset=\"https:\/\/www.altei.cz\/wp-dcinema\/wp-content\/uploads\/2020\/04\/good-bye-sony-dci.jpg 260w, https:\/\/www.altei.cz\/wp-dcinema\/wp-content\/uploads\/2020\/04\/good-bye-sony-dci-80x57.jpg 80w\" sizes=\"(max-width: 260px) 100vw, 260px\" \/><\/a><div class=\"slide-content\"><header class=\"entry-content-header\" aria-label=\"Slide: SONY kon\u010d\u00ed s projektory pro DCI kina\"><h3 class='slide-entry-title entry-title '  itemprop=\"headline\" ><a href='https:\/\/www.altei.cz\/wp-dcinema\/sony-konci-s-projektory-pro-dci-kina\/' title='SONY kon\u010d\u00ed s projektory pro DCI kina'>SONY kon\u010d\u00ed s projektory pro DCI kina<\/a><\/h3><span class=\"av-vertical-delimiter\"><\/span><\/header><\/div><footer class=\"entry-footer\"><\/footer><span class='hidden'>\n\t\t\t\t<span class='av-structured-data'  itemprop=\"image\" itemscope=\"itemscope\" itemtype=\"https:\/\/schema.org\/ImageObject\" >\n\t\t\t\t\t\t<span itemprop='url'>https:\/\/www.altei.cz\/wp-dcinema\/wp-content\/uploads\/2020\/04\/good-bye-sony-dci.jpg<\/span>\n\t\t\t\t\t\t<span itemprop='height'>185<\/span>\n\t\t\t\t\t\t<span itemprop='width'>260<\/span>\n\t\t\t\t<\/span>\n\t\t\t\t<span class='av-structured-data'  itemprop=\"publisher\" itemtype=\"https:\/\/schema.org\/Organization\" itemscope=\"itemscope\" >\n\t\t\t\t\t\t<span itemprop='name'>admin<\/span>\n\t\t\t\t\t\t<span itemprop='logo' itemscope itemtype='https:\/\/schema.org\/ImageObject'>\n\t\t\t\t\t\t\t<span itemprop='url'>https:\/\/www.altei.cz\/wp-dcinema\/wp-content\/uploads\/2022\/06\/altei-last-pracovni-w-1030x934.png<\/span>\n\t\t\t\t\t\t<\/span>\n\t\t\t\t<\/span><span class='av-structured-data'  itemprop=\"author\" itemscope=\"itemscope\" itemtype=\"https:\/\/schema.org\/Person\" ><span itemprop='name'>admin<\/span><\/span><span class='av-structured-data'  itemprop=\"datePublished\" datetime=\"2015-10-21T10:59:13+01:00\" >2020-04-27 10:57:22<\/span><span class='av-structured-data'  itemprop=\"dateModified\" itemtype=\"https:\/\/schema.org\/dateModified\" >2020-04-27 12:29:34<\/span><span class='av-structured-data'  itemprop=\"mainEntityOfPage\" itemtype=\"https:\/\/schema.org\/mainEntityOfPage\" ><span itemprop='name'>SONY kon\u010d\u00ed s projektory pro DCI kina<\/span><\/span><\/span><\/article><article class='slide-entry flex_column  post-entry post-entry-1432 slide-entry-overview slide-loop-6 slide-parity-even  av_one_fourth  real-thumbnail posttype-post post-format-standard'  itemscope=\"itemscope\" itemtype=\"https:\/\/schema.org\/CreativeWork\" ><a href='https:\/\/www.altei.cz\/wp-dcinema\/projekcni-system-v-odstavenem-kine\/' data-rel='slide-1' class='slide-image' title='Projek\u010dn\u00ed syst\u00e9m v odstaven\u00e9m kin\u011b'><img width=\"260\" height=\"185\" src=\"https:\/\/www.altei.cz\/wp-dcinema\/wp-content\/uploads\/2020\/04\/kino-mimo-provoz-news-260x185.jpg\" class=\"wp-image-1433 avia-img-lazy-loading-not-1433 attachment-portfolio_small size-portfolio_small wp-post-image\" alt=\"\" decoding=\"async\" srcset=\"https:\/\/www.altei.cz\/wp-dcinema\/wp-content\/uploads\/2020\/04\/kino-mimo-provoz-news.jpg 260w, https:\/\/www.altei.cz\/wp-dcinema\/wp-content\/uploads\/2020\/04\/kino-mimo-provoz-news-80x57.jpg 80w\" sizes=\"(max-width: 260px) 100vw, 260px\" \/><\/a><div class=\"slide-content\"><header class=\"entry-content-header\" aria-label=\"Slide: Projek\u010dn\u00ed syst\u00e9m v odstaven\u00e9m kin\u011b\"><h3 class='slide-entry-title entry-title '  itemprop=\"headline\" ><a href='https:\/\/www.altei.cz\/wp-dcinema\/projekcni-system-v-odstavenem-kine\/' title='Projek\u010dn\u00ed syst\u00e9m v odstaven\u00e9m kin\u011b'>Projek\u010dn\u00ed syst\u00e9m v odstaven\u00e9m kin\u011b<\/a><\/h3><span class=\"av-vertical-delimiter\"><\/span><\/header><\/div><footer class=\"entry-footer\"><\/footer><span class='hidden'>\n\t\t\t\t<span class='av-structured-data'  itemprop=\"image\" itemscope=\"itemscope\" itemtype=\"https:\/\/schema.org\/ImageObject\" >\n\t\t\t\t\t\t<span itemprop='url'>https:\/\/www.altei.cz\/wp-dcinema\/wp-content\/uploads\/2020\/04\/kino-mimo-provoz-news.jpg<\/span>\n\t\t\t\t\t\t<span itemprop='height'>185<\/span>\n\t\t\t\t\t\t<span itemprop='width'>260<\/span>\n\t\t\t\t<\/span>\n\t\t\t\t<span class='av-structured-data'  itemprop=\"publisher\" itemtype=\"https:\/\/schema.org\/Organization\" itemscope=\"itemscope\" >\n\t\t\t\t\t\t<span itemprop='name'>admin<\/span>\n\t\t\t\t\t\t<span itemprop='logo' itemscope itemtype='https:\/\/schema.org\/ImageObject'>\n\t\t\t\t\t\t\t<span itemprop='url'>https:\/\/www.altei.cz\/wp-dcinema\/wp-content\/uploads\/2022\/06\/altei-last-pracovni-w-1030x934.png<\/span>\n\t\t\t\t\t\t<\/span>\n\t\t\t\t<\/span><span class='av-structured-data'  itemprop=\"author\" itemscope=\"itemscope\" itemtype=\"https:\/\/schema.org\/Person\" ><span itemprop='name'>admin<\/span><\/span><span class='av-structured-data'  itemprop=\"datePublished\" datetime=\"2015-10-21T10:59:13+01:00\" >2020-04-03 22:19:28<\/span><span class='av-structured-data'  itemprop=\"dateModified\" itemtype=\"https:\/\/schema.org\/dateModified\" >2020-04-27 11:02:54<\/span><span class='av-structured-data'  itemprop=\"mainEntityOfPage\" itemtype=\"https:\/\/schema.org\/mainEntityOfPage\" ><span itemprop='name'>Projek\u010dn\u00ed syst\u00e9m v odstaven\u00e9m kin\u011b<\/span><\/span><\/span><\/article><article class='slide-entry flex_column  post-entry post-entry-1405 slide-entry-overview slide-loop-7 slide-parity-odd  av_one_fourth  real-thumbnail posttype-post post-format-standard'  itemscope=\"itemscope\" itemtype=\"https:\/\/schema.org\/CreativeWork\" ><a href='https:\/\/www.altei.cz\/wp-dcinema\/febio-fest-2020-odklad\/' data-rel='slide-1' class='slide-image' title='Odlo\u017een\u00ed FEBIOFESTu'><img width=\"260\" height=\"185\" src=\"https:\/\/www.altei.cz\/wp-dcinema\/wp-content\/uploads\/2020\/04\/febiofest-news-260x185.jpg\" class=\"wp-image-1406 avia-img-lazy-loading-not-1406 attachment-portfolio_small size-portfolio_small wp-post-image\" alt=\"\" decoding=\"async\" srcset=\"https:\/\/www.altei.cz\/wp-dcinema\/wp-content\/uploads\/2020\/04\/febiofest-news.jpg 260w, https:\/\/www.altei.cz\/wp-dcinema\/wp-content\/uploads\/2020\/04\/febiofest-news-80x57.jpg 80w\" sizes=\"(max-width: 260px) 100vw, 260px\" \/><\/a><div class=\"slide-content\"><header class=\"entry-content-header\" aria-label=\"Slide: Odlo\u017een\u00ed FEBIOFESTu\"><h3 class='slide-entry-title entry-title '  itemprop=\"headline\" ><a href='https:\/\/www.altei.cz\/wp-dcinema\/febio-fest-2020-odklad\/' title='Odlo\u017een\u00ed FEBIOFESTu'>Odlo\u017een\u00ed FEBIOFESTu<\/a><\/h3><span class=\"av-vertical-delimiter\"><\/span><\/header><\/div><footer class=\"entry-footer\"><\/footer><span class='hidden'>\n\t\t\t\t<span class='av-structured-data'  itemprop=\"image\" itemscope=\"itemscope\" itemtype=\"https:\/\/schema.org\/ImageObject\" >\n\t\t\t\t\t\t<span itemprop='url'>https:\/\/www.altei.cz\/wp-dcinema\/wp-content\/uploads\/2020\/04\/febiofest-news.jpg<\/span>\n\t\t\t\t\t\t<span itemprop='height'>185<\/span>\n\t\t\t\t\t\t<span itemprop='width'>260<\/span>\n\t\t\t\t<\/span>\n\t\t\t\t<span class='av-structured-data'  itemprop=\"publisher\" itemtype=\"https:\/\/schema.org\/Organization\" itemscope=\"itemscope\" >\n\t\t\t\t\t\t<span itemprop='name'>admin<\/span>\n\t\t\t\t\t\t<span itemprop='logo' itemscope itemtype='https:\/\/schema.org\/ImageObject'>\n\t\t\t\t\t\t\t<span itemprop='url'>https:\/\/www.altei.cz\/wp-dcinema\/wp-content\/uploads\/2022\/06\/altei-last-pracovni-w-1030x934.png<\/span>\n\t\t\t\t\t\t<\/span>\n\t\t\t\t<\/span><span class='av-structured-data'  itemprop=\"author\" itemscope=\"itemscope\" itemtype=\"https:\/\/schema.org\/Person\" ><span itemprop='name'>admin<\/span><\/span><span class='av-structured-data'  itemprop=\"datePublished\" datetime=\"2015-10-21T10:59:13+01:00\" >2020-03-11 13:23:00<\/span><span class='av-structured-data'  itemprop=\"dateModified\" itemtype=\"https:\/\/schema.org\/dateModified\" >2020-04-03 21:58:18<\/span><span class='av-structured-data'  itemprop=\"mainEntityOfPage\" itemtype=\"https:\/\/schema.org\/mainEntityOfPage\" ><span itemprop='name'>Odlo\u017een\u00ed FEBIOFESTu<\/span><\/span><\/span><\/article><article class='slide-entry flex_column  post-entry post-entry-1409 slide-entry-overview slide-loop-8 slide-parity-even  av_one_fourth  real-thumbnail posttype-post post-format-standard'  itemscope=\"itemscope\" itemtype=\"https:\/\/schema.org\/CreativeWork\" ><a href='https:\/\/www.altei.cz\/wp-dcinema\/boutique-kino-pritomnost-praha\/' data-rel='slide-1' class='slide-image' title='Prvn\u00ed Boutique Cinema v Praze'><img width=\"260\" height=\"185\" src=\"https:\/\/www.altei.cz\/wp-dcinema\/wp-content\/uploads\/2020\/04\/kino-pritomnost-news-260x185.jpg\" class=\"wp-image-1415 avia-img-lazy-loading-not-1415 attachment-portfolio_small size-portfolio_small wp-post-image\" alt=\"\" decoding=\"async\" srcset=\"https:\/\/www.altei.cz\/wp-dcinema\/wp-content\/uploads\/2020\/04\/kino-pritomnost-news.jpg 260w, https:\/\/www.altei.cz\/wp-dcinema\/wp-content\/uploads\/2020\/04\/kino-pritomnost-news-80x57.jpg 80w\" sizes=\"(max-width: 260px) 100vw, 260px\" \/><\/a><div class=\"slide-content\"><header class=\"entry-content-header\" aria-label=\"Slide: Prvn\u00ed Boutique Cinema v Praze\"><h3 class='slide-entry-title entry-title '  itemprop=\"headline\" ><a href='https:\/\/www.altei.cz\/wp-dcinema\/boutique-kino-pritomnost-praha\/' title='Prvn\u00ed Boutique Cinema v Praze'>Prvn\u00ed Boutique Cinema v Praze<\/a><\/h3><span class=\"av-vertical-delimiter\"><\/span><\/header><\/div><footer class=\"entry-footer\"><\/footer><span class='hidden'>\n\t\t\t\t<span class='av-structured-data'  itemprop=\"image\" itemscope=\"itemscope\" itemtype=\"https:\/\/schema.org\/ImageObject\" >\n\t\t\t\t\t\t<span itemprop='url'>https:\/\/www.altei.cz\/wp-dcinema\/wp-content\/uploads\/2020\/04\/kino-pritomnost-news.jpg<\/span>\n\t\t\t\t\t\t<span itemprop='height'>185<\/span>\n\t\t\t\t\t\t<span itemprop='width'>260<\/span>\n\t\t\t\t<\/span>\n\t\t\t\t<span class='av-structured-data'  itemprop=\"publisher\" itemtype=\"https:\/\/schema.org\/Organization\" itemscope=\"itemscope\" >\n\t\t\t\t\t\t<span itemprop='name'>admin<\/span>\n\t\t\t\t\t\t<span itemprop='logo' itemscope itemtype='https:\/\/schema.org\/ImageObject'>\n\t\t\t\t\t\t\t<span itemprop='url'>https:\/\/www.altei.cz\/wp-dcinema\/wp-content\/uploads\/2022\/06\/altei-last-pracovni-w-1030x934.png<\/span>\n\t\t\t\t\t\t<\/span>\n\t\t\t\t<\/span><span class='av-structured-data'  itemprop=\"author\" itemscope=\"itemscope\" itemtype=\"https:\/\/schema.org\/Person\" ><span itemprop='name'>admin<\/span><\/span><span class='av-structured-data'  itemprop=\"datePublished\" datetime=\"2015-10-21T10:59:13+01:00\" >2020-02-09 13:35:00<\/span><span class='av-structured-data'  itemprop=\"dateModified\" itemtype=\"https:\/\/schema.org\/dateModified\" >2020-04-03 21:51:04<\/span><span class='av-structured-data'  itemprop=\"mainEntityOfPage\" itemtype=\"https:\/\/schema.org\/mainEntityOfPage\" ><span itemprop='name'>Prvn\u00ed Boutique Cinema v Praze<\/span><\/span><\/span><\/article><\/div><div class=\"slide-entry-wrap\"><article class='slide-entry flex_column  post-entry post-entry-1436 slide-entry-overview slide-loop-9 slide-parity-odd  av_one_fourth first real-thumbnail posttype-post post-format-standard'  itemscope=\"itemscope\" itemtype=\"https:\/\/schema.org\/CreativeWork\" ><a href='https:\/\/www.altei.cz\/wp-dcinema\/dci-rental-pro-rambo\/' data-rel='slide-1' class='slide-image' title='DCI Rental pro p\u0159edpremi\u00e9ru Rambo'><img width=\"260\" height=\"185\" src=\"https:\/\/www.altei.cz\/wp-dcinema\/wp-content\/uploads\/2020\/04\/rambo-renlal-dci-news-260x185.jpg\" class=\"wp-image-1437 avia-img-lazy-loading-not-1437 attachment-portfolio_small size-portfolio_small wp-post-image\" alt=\"\" decoding=\"async\" srcset=\"https:\/\/www.altei.cz\/wp-dcinema\/wp-content\/uploads\/2020\/04\/rambo-renlal-dci-news.jpg 260w, https:\/\/www.altei.cz\/wp-dcinema\/wp-content\/uploads\/2020\/04\/rambo-renlal-dci-news-80x57.jpg 80w\" sizes=\"(max-width: 260px) 100vw, 260px\" \/><\/a><div class=\"slide-content\"><header class=\"entry-content-header\" aria-label=\"Slide: DCI Rental pro p\u0159edpremi\u00e9ru Rambo\"><h3 class='slide-entry-title entry-title '  itemprop=\"headline\" ><a href='https:\/\/www.altei.cz\/wp-dcinema\/dci-rental-pro-rambo\/' title='DCI Rental pro p\u0159edpremi\u00e9ru Rambo'>DCI Rental pro p\u0159edpremi\u00e9ru Rambo<\/a><\/h3><span class=\"av-vertical-delimiter\"><\/span><\/header><\/div><footer class=\"entry-footer\"><\/footer><span class='hidden'>\n\t\t\t\t<span class='av-structured-data'  itemprop=\"image\" itemscope=\"itemscope\" itemtype=\"https:\/\/schema.org\/ImageObject\" >\n\t\t\t\t\t\t<span itemprop='url'>https:\/\/www.altei.cz\/wp-dcinema\/wp-content\/uploads\/2020\/04\/rambo-renlal-dci-news.jpg<\/span>\n\t\t\t\t\t\t<span itemprop='height'>185<\/span>\n\t\t\t\t\t\t<span itemprop='width'>260<\/span>\n\t\t\t\t<\/span>\n\t\t\t\t<span class='av-structured-data'  itemprop=\"publisher\" itemtype=\"https:\/\/schema.org\/Organization\" itemscope=\"itemscope\" >\n\t\t\t\t\t\t<span itemprop='name'>admin<\/span>\n\t\t\t\t\t\t<span itemprop='logo' itemscope itemtype='https:\/\/schema.org\/ImageObject'>\n\t\t\t\t\t\t\t<span itemprop='url'>https:\/\/www.altei.cz\/wp-dcinema\/wp-content\/uploads\/2022\/06\/altei-last-pracovni-w-1030x934.png<\/span>\n\t\t\t\t\t\t<\/span>\n\t\t\t\t<\/span><span class='av-structured-data'  itemprop=\"author\" itemscope=\"itemscope\" itemtype=\"https:\/\/schema.org\/Person\" ><span itemprop='name'>admin<\/span><\/span><span class='av-structured-data'  itemprop=\"datePublished\" datetime=\"2015-10-21T10:59:13+01:00\" >2019-08-08 22:28:00<\/span><span class='av-structured-data'  itemprop=\"dateModified\" itemtype=\"https:\/\/schema.org\/dateModified\" >2020-04-03 22:29:41<\/span><span class='av-structured-data'  itemprop=\"mainEntityOfPage\" itemtype=\"https:\/\/schema.org\/mainEntityOfPage\" ><span itemprop='name'>DCI Rental pro p\u0159edpremi\u00e9ru Rambo<\/span><\/span><\/span><\/article><article class='slide-entry flex_column  post-entry post-entry-1367 slide-entry-overview slide-loop-10 slide-parity-even  av_one_fourth  real-thumbnail posttype-post post-format-standard'  itemscope=\"itemscope\" itemtype=\"https:\/\/schema.org\/CreativeWork\" ><a href='https:\/\/www.altei.cz\/wp-dcinema\/dci-rental-pro-bontonfilm\/' data-rel='slide-1' class='slide-image' title='DCI Rental pro p\u0159edpremi\u00e9ru'><img width=\"260\" height=\"185\" src=\"https:\/\/www.altei.cz\/wp-dcinema\/wp-content\/uploads\/2019\/08\/dci-rental-sm.jpg\" class=\"wp-image-1371 avia-img-lazy-loading-not-1371 attachment-portfolio_small size-portfolio_small wp-post-image\" alt=\"\" decoding=\"async\" srcset=\"https:\/\/www.altei.cz\/wp-dcinema\/wp-content\/uploads\/2019\/08\/dci-rental-sm.jpg 260w, https:\/\/www.altei.cz\/wp-dcinema\/wp-content\/uploads\/2019\/08\/dci-rental-sm-80x57.jpg 80w\" sizes=\"(max-width: 260px) 100vw, 260px\" \/><\/a><div class=\"slide-content\"><header class=\"entry-content-header\" aria-label=\"Slide: DCI Rental pro p\u0159edpremi\u00e9ru\"><h3 class='slide-entry-title entry-title '  itemprop=\"headline\" ><a href='https:\/\/www.altei.cz\/wp-dcinema\/dci-rental-pro-bontonfilm\/' title='DCI Rental pro p\u0159edpremi\u00e9ru'>DCI Rental pro p\u0159edpremi\u00e9ru<\/a><\/h3><span class=\"av-vertical-delimiter\"><\/span><\/header><\/div><footer class=\"entry-footer\"><\/footer><span class='hidden'>\n\t\t\t\t<span class='av-structured-data'  itemprop=\"image\" itemscope=\"itemscope\" itemtype=\"https:\/\/schema.org\/ImageObject\" >\n\t\t\t\t\t\t<span itemprop='url'>https:\/\/www.altei.cz\/wp-dcinema\/wp-content\/uploads\/2019\/08\/dci-rental-sm.jpg<\/span>\n\t\t\t\t\t\t<span itemprop='height'>185<\/span>\n\t\t\t\t\t\t<span itemprop='width'>260<\/span>\n\t\t\t\t<\/span>\n\t\t\t\t<span class='av-structured-data'  itemprop=\"publisher\" itemtype=\"https:\/\/schema.org\/Organization\" itemscope=\"itemscope\" >\n\t\t\t\t\t\t<span itemprop='name'>admin<\/span>\n\t\t\t\t\t\t<span itemprop='logo' itemscope itemtype='https:\/\/schema.org\/ImageObject'>\n\t\t\t\t\t\t\t<span itemprop='url'>https:\/\/www.altei.cz\/wp-dcinema\/wp-content\/uploads\/2022\/06\/altei-last-pracovni-w-1030x934.png<\/span>\n\t\t\t\t\t\t<\/span>\n\t\t\t\t<\/span><span class='av-structured-data'  itemprop=\"author\" itemscope=\"itemscope\" itemtype=\"https:\/\/schema.org\/Person\" ><span itemprop='name'>admin<\/span><\/span><span class='av-structured-data'  itemprop=\"datePublished\" datetime=\"2015-10-21T10:59:13+01:00\" >2019-08-08 11:51:06<\/span><span class='av-structured-data'  itemprop=\"dateModified\" itemtype=\"https:\/\/schema.org\/dateModified\" >2020-04-03 21:50:23<\/span><span class='av-structured-data'  itemprop=\"mainEntityOfPage\" itemtype=\"https:\/\/schema.org\/mainEntityOfPage\" ><span itemprop='name'>DCI Rental pro p\u0159edpremi\u00e9ru<\/span><\/span><\/span><\/article><article class='slide-entry flex_column  post-entry post-entry-1352 slide-entry-overview slide-loop-11 slide-parity-odd  av_one_fourth  real-thumbnail posttype-post post-format-standard'  itemscope=\"itemscope\" itemtype=\"https:\/\/schema.org\/CreativeWork\" ><a href='https:\/\/www.altei.cz\/wp-dcinema\/laser-srx-r800-new-price\/' data-rel='slide-1' class='slide-image' title='Nov\u00e9 ceny laserov\u00fdch DCI projektor\u016f \u0159ady 800'><img width=\"260\" height=\"185\" src=\"https:\/\/www.altei.cz\/wp-dcinema\/wp-content\/uploads\/2019\/07\/sony-dci-laser-cena-260x185.jpg\" class=\"wp-image-1353 avia-img-lazy-loading-not-1353 attachment-portfolio_small size-portfolio_small wp-post-image\" alt=\"\" decoding=\"async\" \/><\/a><div class=\"slide-content\"><header class=\"entry-content-header\" aria-label=\"Slide: Nov\u00e9 ceny laserov\u00fdch DCI projektor\u016f \u0159ady 800\"><h3 class='slide-entry-title entry-title '  itemprop=\"headline\" ><a href='https:\/\/www.altei.cz\/wp-dcinema\/laser-srx-r800-new-price\/' title='Nov\u00e9 ceny laserov\u00fdch DCI projektor\u016f \u0159ady 800'>Nov\u00e9 ceny laserov\u00fdch DCI projektor\u016f \u0159ady 800<\/a><\/h3><span class=\"av-vertical-delimiter\"><\/span><\/header><\/div><footer class=\"entry-footer\"><\/footer><span class='hidden'>\n\t\t\t\t<span class='av-structured-data'  itemprop=\"image\" itemscope=\"itemscope\" itemtype=\"https:\/\/schema.org\/ImageObject\" >\n\t\t\t\t\t\t<span itemprop='url'>https:\/\/www.altei.cz\/wp-dcinema\/wp-content\/uploads\/2019\/07\/sony-dci-laser-cena.jpg<\/span>\n\t\t\t\t\t\t<span itemprop='height'>195<\/span>\n\t\t\t\t\t\t<span itemprop='width'>300<\/span>\n\t\t\t\t<\/span>\n\t\t\t\t<span class='av-structured-data'  itemprop=\"publisher\" itemtype=\"https:\/\/schema.org\/Organization\" itemscope=\"itemscope\" >\n\t\t\t\t\t\t<span itemprop='name'>admin<\/span>\n\t\t\t\t\t\t<span itemprop='logo' itemscope itemtype='https:\/\/schema.org\/ImageObject'>\n\t\t\t\t\t\t\t<span itemprop='url'>https:\/\/www.altei.cz\/wp-dcinema\/wp-content\/uploads\/2022\/06\/altei-last-pracovni-w-1030x934.png<\/span>\n\t\t\t\t\t\t<\/span>\n\t\t\t\t<\/span><span class='av-structured-data'  itemprop=\"author\" itemscope=\"itemscope\" itemtype=\"https:\/\/schema.org\/Person\" ><span itemprop='name'>admin<\/span><\/span><span class='av-structured-data'  itemprop=\"datePublished\" datetime=\"2015-10-21T10:59:13+01:00\" >2019-07-15 17:30:22<\/span><span class='av-structured-data'  itemprop=\"dateModified\" itemtype=\"https:\/\/schema.org\/dateModified\" >2019-07-16 10:04:21<\/span><span class='av-structured-data'  itemprop=\"mainEntityOfPage\" itemtype=\"https:\/\/schema.org\/mainEntityOfPage\" ><span itemprop='name'>Nov\u00e9 ceny laserov\u00fdch DCI projektor\u016f \u0159ady 800<\/span><\/span><\/span><\/article><article class='slide-entry flex_column  post-entry post-entry-1332 slide-entry-overview slide-loop-12 slide-parity-even  post-entry-last  av_one_fourth  real-thumbnail posttype-post post-format-standard'  itemscope=\"itemscope\" itemtype=\"https:\/\/schema.org\/CreativeWork\" ><a href='https:\/\/www.altei.cz\/wp-dcinema\/letni-kino-vlasim-sony-4k\/' data-rel='slide-1' class='slide-image' title='Letn\u00ed kino Vla\u0161im Sony 4K'><img width=\"260\" height=\"185\" src=\"https:\/\/www.altei.cz\/wp-dcinema\/wp-content\/uploads\/2019\/07\/letni-kino-vlasim-2019.jpg\" class=\"wp-image-1333 avia-img-lazy-loading-not-1333 attachment-portfolio_small size-portfolio_small wp-post-image\" alt=\"\" decoding=\"async\" srcset=\"https:\/\/www.altei.cz\/wp-dcinema\/wp-content\/uploads\/2019\/07\/letni-kino-vlasim-2019.jpg 260w, https:\/\/www.altei.cz\/wp-dcinema\/wp-content\/uploads\/2019\/07\/letni-kino-vlasim-2019-80x57.jpg 80w\" sizes=\"(max-width: 260px) 100vw, 260px\" \/><\/a><div class=\"slide-content\"><header class=\"entry-content-header\" aria-label=\"Slide: Letn\u00ed kino Vla\u0161im Sony 4K\"><h3 class='slide-entry-title entry-title '  itemprop=\"headline\" ><a href='https:\/\/www.altei.cz\/wp-dcinema\/letni-kino-vlasim-sony-4k\/' title='Letn\u00ed kino Vla\u0161im Sony 4K'>Letn\u00ed kino Vla\u0161im Sony 4K<\/a><\/h3><span class=\"av-vertical-delimiter\"><\/span><\/header><\/div><footer class=\"entry-footer\"><\/footer><span class='hidden'>\n\t\t\t\t<span class='av-structured-data'  itemprop=\"image\" itemscope=\"itemscope\" itemtype=\"https:\/\/schema.org\/ImageObject\" >\n\t\t\t\t\t\t<span itemprop='url'>https:\/\/www.altei.cz\/wp-dcinema\/wp-content\/uploads\/2019\/07\/letni-kino-vlasim-2019.jpg<\/span>\n\t\t\t\t\t\t<span itemprop='height'>185<\/span>\n\t\t\t\t\t\t<span itemprop='width'>260<\/span>\n\t\t\t\t<\/span>\n\t\t\t\t<span class='av-structured-data'  itemprop=\"publisher\" itemtype=\"https:\/\/schema.org\/Organization\" itemscope=\"itemscope\" >\n\t\t\t\t\t\t<span itemprop='name'>admin<\/span>\n\t\t\t\t\t\t<span itemprop='logo' itemscope itemtype='https:\/\/schema.org\/ImageObject'>\n\t\t\t\t\t\t\t<span itemprop='url'>https:\/\/www.altei.cz\/wp-dcinema\/wp-content\/uploads\/2022\/06\/altei-last-pracovni-w-1030x934.png<\/span>\n\t\t\t\t\t\t<\/span>\n\t\t\t\t<\/span><span class='av-structured-data'  itemprop=\"author\" itemscope=\"itemscope\" itemtype=\"https:\/\/schema.org\/Person\" ><span itemprop='name'>admin<\/span><\/span><span class='av-structured-data'  itemprop=\"datePublished\" datetime=\"2015-10-21T10:59:13+01:00\" >2019-07-12 14:40:54<\/span><span class='av-structured-data'  itemprop=\"dateModified\" itemtype=\"https:\/\/schema.org\/dateModified\" >2019-07-12 14:48:10<\/span><span class='av-structured-data'  itemprop=\"mainEntityOfPage\" itemtype=\"https:\/\/schema.org\/mainEntityOfPage\" ><span itemprop='name'>Letn\u00ed kino Vla\u0161im Sony 4K<\/span><\/span><\/span><\/article><\/div><\/div><div class='avia-slideshow-arrows avia-slideshow-controls' ><a href='#prev' class='prev-slide  avia-svg-icon avia-font-svg_entypo-fontello' data-av_svg_icon='left-open-big' data-av_iconset='svg_entypo-fontello' tabindex='-1' title=\"Previous\"><svg version=\"1.1\" xmlns=\"http:\/\/www.w3.org\/2000\/svg\" width=\"15\" height=\"32\" viewBox=\"0 0 15 32\" preserveAspectRatio=\"xMidYMid meet\" aria-labelledby='av-svg-title-13' aria-describedby='av-svg-desc-13' role=\"graphics-symbol\" aria-hidden=\"true\">\n<title id='av-svg-title-13'>Previous<\/title>\n<desc id='av-svg-desc-13'>Previous<\/desc>\n<path d=\"M14.464 27.84q0.832 0.832 0 1.536-0.832 0.832-1.536 0l-12.544-12.608q-0.768-0.768 0-1.6l12.544-12.608q0.704-0.832 1.536 0 0.832 0.704 0 1.536l-11.456 11.904z\"><\/path>\n<\/svg><span class='avia_hidden_link_text'>Previous<\/span><\/a><a href='#next' class='next-slide  avia-svg-icon avia-font-svg_entypo-fontello' data-av_svg_icon='right-open-big' data-av_iconset='svg_entypo-fontello' tabindex='-1' title=\"Next\"><svg version=\"1.1\" xmlns=\"http:\/\/www.w3.org\/2000\/svg\" width=\"15\" height=\"32\" viewBox=\"0 0 15 32\" preserveAspectRatio=\"xMidYMid meet\" aria-labelledby='av-svg-title-14' aria-describedby='av-svg-desc-14' role=\"graphics-symbol\" aria-hidden=\"true\">\n<title id='av-svg-title-14'>Next<\/title>\n<desc id='av-svg-desc-14'>Next<\/desc>\n<path d=\"M0.416 27.84l11.456-11.84-11.456-11.904q-0.832-0.832 0-1.536 0.832-0.832 1.536 0l12.544 12.608q0.768 0.832 0 1.6l-12.544 12.608q-0.704 0.832-1.536 0-0.832-0.704 0-1.536z\"><\/path>\n<\/svg><span class='avia_hidden_link_text'>Next<\/span><\/a><\/div><\/div>\n","protected":false},"excerpt":{"rendered":"","protected":false},"author":1,"featured_media":0,"parent":0,"menu_order":0,"comment_status":"open","ping_status":"open","template":"","meta":[],"aioseo_notices":[],"_links":{"self":[{"href":"https:\/\/www.altei.cz\/wp-dcinema\/wp-json\/wp\/v2\/pages\/70"}],"collection":[{"href":"https:\/\/www.altei.cz\/wp-dcinema\/wp-json\/wp\/v2\/pages"}],"about":[{"href":"https:\/\/www.altei.cz\/wp-dcinema\/wp-json\/wp\/v2\/types\/page"}],"author":[{"embeddable":true,"href":"https:\/\/www.altei.cz\/wp-dcinema\/wp-json\/wp\/v2\/users\/1"}],"replies":[{"embeddable":true,"href":"https:\/\/www.altei.cz\/wp-dcinema\/wp-json\/wp\/v2\/comments?post=70"}],"version-history":[{"count":0,"href":"https:\/\/www.altei.cz\/wp-dcinema\/wp-json\/wp\/v2\/pages\/70\/revisions"}],"wp:attachment":[{"href":"https:\/\/www.altei.cz\/wp-dcinema\/wp-json\/wp\/v2\/media?parent=70"}],"curies":[{"name":"wp","href":"https:\/\/api.w.org\/{rel}","templated":true}]}}